{"id":3,"date":"2023-02-13T10:21:34","date_gmt":"2023-02-13T09:21:34","guid":{"rendered":"https:\/\/optimalautolease.de\/?page_id=3"},"modified":"2023-08-01T16:59:31","modified_gmt":"2023-08-01T14:59:31","slug":"datenschutzerklaerung","status":"publish","type":"page","link":"https:\/\/optimalautolease.de\/en\/datenschutzerklaerung\/","title":{"rendered":"Data protection"},"content":{"rendered":"<div data-elementor-type=\"wp-page\" data-elementor-id=\"3\" class=\"elementor elementor-3\">\n\t\t\t\t\t\t<section class=\"elementor-section elementor-top-section elementor-element elementor-element-2e59e4d8 elementor-section-boxed elementor-section-height-default elementor-section-height-default\" data-id=\"2e59e4d8\" data-element_type=\"section\" data-e-type=\"section\">\n\t\t\t\t\t\t<div class=\"elementor-container elementor-column-gap-default\">\n\t\t\t\t\t<div class=\"elementor-column elementor-col-100 elementor-top-column elementor-element elementor-element-76c62aa7\" data-id=\"76c62aa7\" data-element_type=\"column\" data-e-type=\"column\">\n\t\t\t<div class=\"elementor-widget-wrap elementor-element-populated\">\n\t\t\t\t\t\t<div class=\"elementor-element elementor-element-5a738240 elementor-widget elementor-widget-text-editor\" data-id=\"5a738240\" data-element_type=\"widget\" data-e-type=\"widget\" data-widget_type=\"text-editor.default\">\n\t\t\t\t<div class=\"elementor-widget-container\">\n\t\t\t\t\t\t\t\t\t<p style=\"font-variant-ligatures: normal; font-variant-caps: normal; font-family: Tahoma, sans-serif; font-size: 14px; font-style: normal; font-weight: 400;\"><span style=\"font-size: 14px; font-weight: 600;\">Die Kontaktdaten des Unternehmens:&nbsp; &nbsp; &nbsp; &nbsp; &nbsp; &nbsp; &nbsp; &nbsp; &nbsp; &nbsp; &nbsp;&nbsp;<\/span><\/p>\n<p style=\"font-variant-ligatures: normal; font-variant-caps: normal; font-family: Tahoma, sans-serif; font-size: 14px; font-style: normal; font-weight: 400;\">OAL Optimal Auto Lease GmbH,&nbsp;Gesch\u00e4ftsf\u00fchrer: B. Savci, M. Scharfenberg,&nbsp;Subbelrather Str. 15 a, 50823 K\u00f6ln,&nbsp;<span style=\"font-family: Tahoma, sans-serif; font-size: 14px; font-style: normal; font-variant-ligatures: normal; font-variant-caps: normal; font-weight: 400;\">Tel.: +49 221 29 21 39 00,&nbsp;<\/span>Fax: +49 221 29 21 39 99<\/p>\n<p style=\"font-variant-ligatures: normal; font-variant-caps: normal; font-family: Tahoma, sans-serif; font-size: 14px; font-style: normal; font-weight: 400;\">E-Mail: post@optimalautolease.de<\/p>\n<p style=\"font-variant-ligatures: normal; font-variant-caps: normal; font-family: Tahoma, sans-serif; font-size: 14px; font-style: normal; font-weight: 400;\"><span style=\"font-family: Tahoma, Geneva, sans-serif; font-size: 20px; font-weight: 600; color: #333333;\">Data protection<\/span><\/p>\n<p style=\"font-variant-ligatures: normal; font-variant-caps: normal; font-family: Tahoma, sans-serif; font-size: 14px; font-style: normal; font-weight: 400;\">Sie erhalten als Nutzer unserer Internetseite in dieser Datenschutzerkl\u00e4rung alle notwendigen Informationen dar\u00fcber, wie, in welchem Umfang sowie zu welchem Zweck wir oder Drittanbieter Daten von Ihnen erheben und diese verwenden. Die Erhebung und Nutzung Ihrer Daten erfolgt streng nach den Vorgaben des Bundesdatenschutzgesetzes (BDSG) und des Telemediengesetzes (TMG). Wir f\u00fchlen uns der Vertraulichkeit Ihrer personenbezogenen Daten besonders verpflichtet und arbeiten deshalb streng innerhalb der Grenzen, die die gesetzlichen Vorgaben uns setzen. Die Erhebung dieser personenbezogenen Daten erfolgt auf freiwilliger Basis, wenn uns das m\u00f6glich ist. Auch geben wir diese Daten nur mit Ihrer ausdr\u00fccklichen Zustimmung an Dritte weiter. Wir sorgen bei besonders vertraulichen Daten wie im Zahlungsverkehr oder im Hinblick auf Ihre Anfragen an uns durch Einsatz einer SSL-Verschl\u00fcsselung f\u00fcr hohe Sicherheit. Wir m\u00f6chten es aber an dieser Stelle nicht vers\u00e4umen, auf die allgemeinen Gefahren der Internetnutzung hinzuweisen, auf die wir keinen Einfluss haben. Besonders im E-Mail-Verkehr sind Ihre Daten ohne weitere Vorkehrungen nicht sicher und k\u00f6nnen unter Umst\u00e4nden von Dritten erfasst werden.<\/p>\n<h2 style=\"font-variant-ligatures: normal; font-variant-caps: normal; font-family: Tahoma, Geneva, sans-serif; font-style: normal;\">Begriffsbestimmungen<\/h2>\n<p style=\"font-variant-ligatures: normal; font-variant-caps: normal; font-family: Tahoma, sans-serif; font-size: 14px; font-style: normal; font-weight: 400;\">Unsere Datenschutzerkl\u00e4rung soll f\u00fcr jedermann einfach und verst\u00e4ndlich sein. Die Datenschutzerkl\u00e4rung nutzt in der Regel die offiziellen Begriffe der Datenschutzgrundverordnung (DSGVO). Die offiziellen Begriffsbestimmungen werden in Art. 4 DSGVO erl\u00e4utert.<\/p>\n<h2 style=\"font-variant-ligatures: normal; font-variant-caps: normal; font-family: Tahoma, Geneva, sans-serif; font-style: normal;\">Erhebung von Zugriffsdaten<\/h2>\n<p style=\"font-variant-ligatures: normal; font-variant-caps: normal; font-family: Tahoma, sans-serif; font-size: 14px; font-style: normal; font-weight: 400;\">Die Auslieferung und Darstellung der Inhalte \u00fcber unsere Webseite erfordert technisch die Erfassung bestimmter Daten. Mit Ihrem Zugriff auf unsere Webseite werden diese sogenannten Server-Logfiles durch uns oder den Provider des Webspace erfasst. Diese Logfiles erlauben keinen R\u00fcckschluss auf Sie und Ihre Person. Die entsprechenden Informationen bestehen aus dem Namen der Webseite, der Datei, dem aktuellen Datum, der Datenmenge, dem Webrowser und seiner Version, dem eingesetzten Betriebssystem, dem Domain-Namen Ihres Internet-Providers, der Referrer-URL als jene Seite, von der Sie auf unsere Seite gewechselt sind, sowie der entsprechenden IP-Adresse. Wir nutzen diese Daten zur Darstellung und Auslieferung unserer Inhalte sowie zu statistischen Zwecken. Die Informationen unterst\u00fctzen die Bereitstellung und st\u00e4ndige Verbesserung unseres Angebots. Auch behalten wir uns vor, die erw\u00e4hnten Daten nachtr\u00e4glich zu pr\u00fcfen, sollte der Verdacht auf eine rechtswidrige Nutzung unseres Angebotes bestehen.<\/p>\n<h2 style=\"font-variant-ligatures: normal; font-variant-caps: normal; font-family: Tahoma, Geneva, sans-serif; font-style: normal;\">Kontaktformular und Kontaktaufnahme per E-Mail<\/h2>\n<p style=\"font-variant-ligatures: normal; font-variant-caps: normal; font-family: Tahoma, sans-serif; font-size: 14px; font-style: normal; font-weight: 400;\">Wenn Sie uns per Kontaktformular oder E-Mail Anfragen zukommen lassen, werden Ihre Angaben aus dem Anfrageformular bzw. Ihrer E-Mail inklusive der von Ihnen dort angegebenen Kontaktdaten zwecks Bearbeitung der Anfrage und f\u00fcr den Fall von Anschlussfragen bei uns gespeichert. Diese Daten geben wir in keinem Fall ohne Ihre Einwilligung weiter. Rechtsgrundlage f\u00fcr die Verarbeitung der Daten ist unser berechtigtes Interesse an der Beantwortung Ihres Anliegens gem\u00e4\u00df Art. 6 Abs. 1 lit. f DSGVO sowie ggf. Art. 6 Abs. 1 lit. b DSGVO, sofern Ihre Anfrage auf den Abschluss eines Vertrages abzielt. Ihre Daten werden nach abschlie\u00dfender Bearbeitung Ihrer Anfrage gel\u00f6scht, sofern keine gesetzlichen Aufbewahrungspflichten entgegenstehen.<\/p>\n<h2 style=\"font-variant-ligatures: normal; font-variant-caps: normal; font-family: Tahoma, Geneva, sans-serif; font-style: normal;\"><span style=\"font-family: Tahoma, Geneva, sans-serif; font-size: 20px; font-weight: 600;\">Personenbezogene Daten<\/span><br><\/h2>\n<p style=\"font-variant-ligatures: normal; font-variant-caps: normal; font-family: Tahoma, sans-serif; font-size: 14px; font-style: normal; font-weight: 400;\">Personenbezogene Daten erheben wir im Rahmen von Datenvermeidung und Datensparsamkeit nur in dem Ausma\u00df und so lange, wie es zur Nutzung unserer Webseite notwendig ist, beziehungsweise vom Gesetzgeber vorgeschrieben wird. Wir nehmen den Schutz Ihrer pers\u00f6nlichen Daten ernst und halten uns bei Erhebung und Verarbeitung personenbezogener Daten streng an die entsprechenden gesetzlichen Vorschriften und an diese Datenschutzerkl\u00e4rung. F\u00e4llt der Zweck der Datenerhebung weg oder ist das Ende der gesetzlichen Speicherfrist erreicht, werden die erhobenen Daten gesperrt oder gel\u00f6scht. Regelm\u00e4\u00dfig kann unsere Webseite ohne die Weitergabe pers\u00f6nlicher Daten genutzt werden. Wenn wir personenbezogene Daten erheben \u2013 etwa Ihren Namen, Ihre Anschrift oder Ihre E-Mail-Adresse \u2013 erfolgt diese Datenerhebung freiwillig. Ohne eine ausdr\u00fccklich erteilte Zustimmung von Ihrer Seite werden diese Daten Dritten nicht zur Kenntnis gebracht. Beachten Sie bitte, dass Daten im Internet allgemein nicht immer sicher \u00fcbertragen werden. Besonders im E-Mail-Verkehr kann der Schutz beim Datenaustausch nicht garantiert werden.<\/p>\n<h2 style=\"font-variant-ligatures: normal; font-variant-caps: normal; font-family: Tahoma, Geneva, sans-serif; font-style: normal;\">Ihre Rechte<\/h2>\n<p style=\"font-variant-ligatures: normal; font-variant-caps: normal; font-family: Tahoma, sans-serif; font-size: 14px; font-style: normal; font-weight: 400;\">Im Folgenden finden Sie Informationen dazu, welche Betroffenenrechte das geltende Datenschutzrecht Ihnen gegen\u00fcber dem Verantwortlichen hinsichtlich der Verarbeitung Ihrer personenbezogenen Daten gew\u00e4hrt: Das Recht, gem\u00e4\u00df Art. 15 DSGVO Auskunft \u00fcber Ihre von uns verarbeiteten personenbezogenen Daten zu verlangen. Insbesondere k\u00f6nnen Sie Auskunft \u00fcber die Verarbeitungszwecke, die Kategorie der personenbezogenen Daten, die Kategorien von Empf\u00e4ngern, gegen\u00fcber denen Ihre Daten offengelegt wurden oder werden, die geplante Speicherdauer, das Bestehen eines Rechts auf Berichtigung, L\u00f6schung, Einschr\u00e4nkung der Verarbeitung oder Widerspruch, das Bestehen eines Beschwerderechts, die Herkunft ihrer Daten, sofern diese nicht bei uns erhoben wurden, sowie \u00fcber das Bestehen einer automatisierten Entscheidungsfindung einschlie\u00dflich Profiling und ggf. aussagekr\u00e4ftigen Informationen zu deren Einzelheiten verlangen.<\/p>\n<ul style=\"font-variant-ligatures: normal; font-variant-caps: normal; font-family: Tahoma, sans-serif; font-size: 14px; font-style: normal; font-weight: 400;\">\n<li style=\"font-size: 14px;\">Das Recht, gem\u00e4\u00df Art. 16 DSGVO unverz\u00fcglich die Berichtigung unrichtiger oder Vervollst\u00e4ndigung Ihrer bei uns gespeicherten personenbezogenen Daten zu verlangen.<\/li>\n<li style=\"font-size: 14px;\">Das Recht, gem\u00e4\u00df Art. 17 DSGVO die L\u00f6schung Ihrer bei uns gespeicherten personenbezogenen Daten zu verlangen, soweit nicht die Verarbeitung zur Aus\u00fcbung des Rechts auf freie Meinungs\u00e4u\u00dferung und Information, zur Erf\u00fcllung einer rechtlichen Verpflichtung, aus Gr\u00fcnden des \u00f6ffentlichen Interesses oder zur Geltendmachung, Aus\u00fcbung oder Verteidigung von Rechtsanspr\u00fcchen erforderlich ist.<\/li>\n<li style=\"font-size: 14px;\">Das Recht, gem\u00e4\u00df Art. 18 DSGVO die Einschr\u00e4nkung der Verarbeitung Ihrer personenbezogenen Daten zu verlangen, soweit die Richtigkeit der Daten von Ihnen bestritten wird, die Verarbeitung unrechtm\u00e4\u00dfig ist, Sie aber deren L\u00f6schung ablehnen und wir die Daten nicht mehr ben\u00f6tigen, Sie jedoch diese zur Geltendmachung, Aus\u00fcbung oder Verteidigung von Rechtsanspr\u00fcchen ben\u00f6tigen oder Sie gem\u00e4\u00df Art. 21 DSGVO Widerspruch gegen die Verarbeitung eingelegt haben<\/li>\n<li style=\"font-size: 14px;\">Das Recht, gem\u00e4\u00df Art. 20 DSGVO Ihre personenbezogenen Daten, die Sie uns bereitgestellt haben, in einem strukturierten, g\u00e4ngigen und maschinenlesebaren Format zu erhalten oder die \u00dcbermittlung an einen anderen Verantwortlichen zu verlangen.<\/li>\n<li style=\"font-size: 14px;\">Das Recht, sich gem\u00e4\u00df Art. 77 DSGVO bei einer Aufsichtsbeh\u00f6rde zu beschweren. In der Regel k\u00f6nnen Sie sich hierf\u00fcr an die Aufsichtsbeh\u00f6rde des Bundeslandes unseres oben angegebenen Sitzes oder ggf. die Ihres \u00fcblichen Aufenthaltsortes oder Arbeitsplatzes wenden.<\/li>\n<li style=\"font-size: 14px;\">Recht auf Widerruf erteilter Einwilligungen gem\u00e4\u00df Art. 7 Abs. 3 DSGVO: Sie haben das Recht, eine einmal erteilte Einwilligung in die Verarbeitung von Daten jederzeit mit Wirkung f\u00fcr die Zukunft zu widerrufen. Im Falle des Widerrufs werden wir die betroffenen Daten unverz\u00fcglich l\u00f6schen, sofern eine weitere Verarbeitung nicht auf eine Rechtsgrundlage zur einwilligungslosen Verarbeitung gest\u00fctzt werden kann. Durch den Widerruf der Einwilligung wird die Rechtm\u00e4\u00dfigkeit der aufgrund der Einwilligung bis zum Widerruf erfolgten Verarbeitung nicht ber\u00fchrt.<\/li>\n<\/ul>\n<h2 style=\"font-variant-ligatures: normal; font-variant-caps: normal; font-family: Tahoma, Geneva, sans-serif; font-style: normal;\">Widerspruchsrecht<\/h2>\n<p style=\"font-variant-ligatures: normal; font-variant-caps: normal; font-family: Tahoma, sans-serif; font-size: 14px; font-style: normal; font-weight: 400;\">Sofern Ihre personenbezogenen Daten von uns auf Grundlage von berechtigten Interessen gem\u00e4\u00df Art. 6 Abs. 1 S. 1 lit. f DSGVO verarbeitet werden, haben Sie gem\u00e4\u00df Art. 21 DSGVO das Recht, Widerspruch gegen die Verarbeitung Ihrer personenbezogenen Daten einzulegen, soweit dies aus Gr\u00fcnde erfolgt, die sich aus Ihrer besonderen Situation ergeben. Soweit sich der Widerspruch gegen die Verarbeitung personenbezogener Daten zum Zwecke von Direktwerbung richtet, haben Sie ein generelles Widerspruchsrecht ohne das Erfordernis der Angabe einer besonderen Situation.<\/p>\n<p style=\"font-variant-ligatures: normal; font-variant-caps: normal; font-family: Tahoma, sans-serif; font-size: 14px; font-style: normal; font-weight: 400;\">M\u00f6chten Sie von Ihrem Widerrufs- oder Widerspruchsrecht Gebrauch machen, gen\u00fcgt eine E-Mail an die genannte Adresse.<\/p>\n<h2 style=\"font-variant-ligatures: normal; font-variant-caps: normal; font-family: Tahoma, Geneva, sans-serif; font-style: normal;\">Dauer der Speicherung Ihrer Daten<\/h2>\n<p style=\"font-variant-ligatures: normal; font-variant-caps: normal; font-family: Tahoma, sans-serif; font-size: 14px; font-style: normal; font-weight: 400;\">Wir verarbeiten und speichern Ihre Daten f\u00fcr die Dauer unserer Gesch\u00e4ftsbeziehung. Das schlie\u00dft auch die Anbahnung eines Vertrages (vorvertragliches Rechtsverh\u00e4ltnis) und die Abwicklung eines Vertrags mit ein. Dar\u00fcber hinaus unterliegen wir verschiedenen Aufbewahrungs- und Dokumentationspflichten, die sich u. a. aus dem Handelsgesetzbuch (HGB) und der Abgabenordnung (AO), ergeben. Die dort vorgegebenen Fristen zur Aufbewahrung bzw. Dokumentation betragen bis zehn Jahre \u00fcber das Ende der Gesch\u00e4ftsbeziehung bzw. des vorvertraglichen Rechtsverh\u00e4ltnisses hinaus. Ferner k\u00f6nnen spezielle gesetzliche Vorschriften eine l\u00e4ngere Aufbewahrungsdauer erfordern, wie z. B. die Erhaltung von Beweismitteln im Rahmen der gesetzlichen Verj\u00e4hrungsvorschriften. Nach den \u00a7\u00a7 195 ff. des B\u00fcrgerlichen Gesetzbuches (BGB) betr\u00e4gt die regelm\u00e4\u00dfige Verj\u00e4hrungsfrist zwar drei Jahre; es k\u00f6nnen aber auch Verj\u00e4hrungsfristen von bis zu 30 Jahren anwendbar sein. Sind die Daten f\u00fcr die Erf\u00fcllung vertraglicher oder gesetzlicher Pflichten und Rechte nicht mehr erforderlich, werden diese regelm\u00e4\u00dfig gel\u00f6scht, es sei denn, deren \u2013 befristete \u2013 Weiterverarbeitung ist zur Erf\u00fcllung der unter Ziffer 2.2 aufgef\u00fchrten Zwecke aus einem \u00fcberwiegenden berechtigten Interesse erforderlich. Ein solches \u00fcberwiegendes berechtigtes Interesse liegt z. B. auch dann vor, wenn eine L\u00f6schung wegen der besonderen Art der Speicherung nicht oder nur mit unverh\u00e4ltnism\u00e4\u00dfig hohem Aufwand m\u00f6glich ist und eine Verarbeitung zu anderen Zwecken durch geeignete technische und organisatorische Ma\u00dfnahmen ausgeschlossen ist.<\/p>\n<h2 style=\"font-variant-ligatures: normal; font-variant-caps: normal; font-family: Tahoma, Geneva, sans-serif; font-style: normal;\">Cookies<\/h2>\n<p style=\"font-variant-ligatures: normal; font-variant-caps: normal; font-family: Tahoma, sans-serif; font-size: 14px; font-style: normal; font-weight: 400;\">Wir verwenden auf unserer Webseite Cookies. Diese kleinen Textdateien werden von unserem Server aus auf Ihrem PC gespeichert. Sie unterst\u00fctzen die Darstellung unserer Webseite und helfen Ihnen, sich auf unserer Webseite zu bewegen. Cookies erfassen Daten zu Ihrer IP-Adresse, zu Ihrem Browser, Ihrem Betriebssystem und Ihrer Internetverbindung. Diese Informationen verbinden wir nicht mit personenbezogenen Daten und geben sie nicht an Dritte weiter. Keinesfalls werden Cookies von uns dazu benutzt, Schad- oder Spionageprogramme auf Ihren Rechner zu bringen. Sie k\u00f6nnen unsere Webseite auch ohne den Einsatz von Cookies nutzen, wodurch m\u00f6glicherweise einige Darstellungen und Funktionen unseres Angebots nur eingeschr\u00e4nkt arbeiten. Wenn Sie die Cookies deaktivieren m\u00f6chten, k\u00f6nnen Sie das \u00fcber spezielle Einstellungen Ihres Browsers erreichen. Nutzen Sie bitte dessen Hilfsfunktion, um die entsprechenden \u00c4nderungen vornehmen zu k\u00f6nnen. Online-Anzeigen-Cookies k\u00f6nnen Sie \u00fcber folgende Links verwalten: http:\/\/www.aboutads.info\/choices f\u00fcr die USA http:\/\/www.youronlinechoices.com\/uk\/your-ad-choices f\u00fcr Europa<\/p>\n<h2 style=\"font-variant-ligatures: normal; font-variant-caps: normal; font-family: Tahoma, Geneva, sans-serif; font-style: normal;\">\u00dcbermittlung in ein Drittland oder an eine Internationale Organisation<\/h2>\n<p style=\"font-variant-ligatures: normal; font-variant-caps: normal; font-family: Tahoma, sans-serif; font-size: 14px; font-style: normal; font-weight: 400;\">Ihre Daten werden nur in Drittstaaten (Staaten au\u00dferhalb des Europ\u00e4ischen Wirtschaftsraums \u2013 EWR) \u00fcbermittelt, falls dies zur Verrichtung Ihrer Auftr\u00e4ge (z.B. Zahlungsauftr\u00e4ge) entscheidend, gesetzlich erforderlich ist oder Sie uns Ihre Erlaubnis erteilt haben. \u00dcber Details werden wir Sie, wenn gesetzlich bestimmt, getrennt informieren. Zudem \u00fcbermittelt die OAL keine personenbezogenen Daten an Drittstaaten oder internationale Organisationen. Aber f\u00fcr bestimmte Aufgaben nutzt die OAL Dienstleister, die gr\u00f6\u00dftenteils auch Dienstleister nutzen, die Ihren Unternehmenssitz, Hauptkonzern oder Rechenzentren in einem Drittstaat haben k\u00f6nnen. Eine \u00dcbermittlung ist vertretbar, wenn die Europ\u00e4ische Kommission nach eigenem Ermessen entschieden hat, dass in einem Drittstaat ein angemessenes Schutzniveau besteht (Art. 45 DSGVO). Hat die Kommission keine solche Entscheidung getroffen, darf die OAL oder der Dienstleister personenbezogene Daten in ein Drittland oder eine internationale Organisation nur \u00fcbermitteln, sofern geeignete Garantien vorgesehen sind (z.B. Standarddatenschutzklauseln, die von der Kommission oder der Aufsichtsbeh\u00f6rde in einem bestimmten Verfahren angenommen werden) und durchsetzbare Rechte und wirksame Rechtsbehelfe zur Verf\u00fcgung stehen. Zudem ist mit diesen Dienstleistern vertraglich vereinbart, dass mit deren Vertragspartnern immer Grundlagen zum Datenschutz unter Einhaltung des europ\u00e4ischen Datenschutzniveaus abgeschlossen werden.<\/p>\n<h2 style=\"font-variant-ligatures: normal; font-variant-caps: normal; font-family: Tahoma, Geneva, sans-serif; font-style: normal;\">Datenweitergabe und Empf\u00e4nger<\/h2>\n<p style=\"font-variant-ligatures: normal; font-variant-caps: normal; font-family: Tahoma, sans-serif; font-size: 14px; font-style: normal; font-weight: 400;\">Eine \u00dcbermittlung Ihrer personenbezogenen Daten an Dritte findet nicht statt, au\u00dfer<\/p>\n<ul style=\"font-variant-ligatures: normal; font-variant-caps: normal; font-family: Tahoma, sans-serif; font-size: 14px; font-style: normal; font-weight: 400;\">\n<li style=\"font-size: 14px;\">wenn wir in der Beschreibung der jeweiligen Datenverarbeitung explizit darauf hingewiesen haben.<\/li>\n<li style=\"font-size: 14px;\">wenn Ihre ausdr\u00fcckliche Einwilligung nach Art. 6 Abs. 1 S. 1 lit. a DSGVO dazu erteilt haben,<\/li>\n<li style=\"font-size: 14px;\">die Weitergabe nach Art. 6 Abs. 1 S. 1 lit. f DSGVO zur Geltendmachung, Aus\u00fcbung oder Verteidigung von Rechtsanspr\u00fcchen erforderlich ist und kein Grund zur Annahme besteht, dass Sie ein \u00fcberwiegendes schutzw\u00fcrdiges Interesse an der Nichtweitergabe Ihrer Daten haben,<\/li>\n<li style=\"font-size: 14px;\">im Falle, dass f\u00fcr die Weitergabe nach Art. 6 Abs. 1 S. lit. c DSGVO eine gesetzliche Verpflichtung besteht und \u2013 soweit dies nach Art. 6 Abs. 1 S. 1 lit. b DSGVO f\u00fcr die Abwicklung von Vertragsverh\u00e4ltnissen mit Ihnen erforderlich ist.<\/li>\n<\/ul>\n<p style=\"font-variant-ligatures: normal; font-variant-caps: normal; font-family: Tahoma, sans-serif; font-size: 14px; font-style: normal; font-weight: 400;\"><span style=\"color: rgb(51, 51, 51); font-family: Tahoma, Geneva, sans-serif; font-size: 20px; font-style: normal; font-variant-ligatures: normal; font-variant-caps: normal; font-weight: 600;\">Server Logfiles<\/span><br><\/p>\n<p style=\"font-variant-ligatures: normal; font-variant-caps: normal; font-family: Tahoma, sans-serif; font-size: 14px; font-style: normal; font-weight: 400;\">Bei den Server Logfiles handelt es sich um anonymisierte Daten, die bei Ihrem Zugriff auf unsere Webseite erfasst werden. Diese Informationen erm\u00f6glichen keine R\u00fcckschl\u00fcsse auf Sie pers\u00f6nlich, sind aber aus technischen Gr\u00fcnden f\u00fcr die Auslieferung und Darstellung unserer Inhalte unverzichtbar. Weiterhin dienen Sie unserer Statistik und der st\u00e4ndigen Optimierung unserer Inhalte. Typische Logfiles sind das Datum und die Zeit des Zugriffs, die Datenmenge, der f\u00fcr den Zugriff benutzte Browser und seine Version, das eingesetzte Betriebssystem, der Domainname des von Ihnen beauftragten Providers, die Seite, von der Sie zu unserem Angebot gekommen sind (Referrer-URL) und Ihre IP-Adresse. Logfiles erm\u00f6glichen au\u00dferdem eine genaue Pr\u00fcfung bei Verdacht auf eine rechtswidrige Nutzung unserer Webseite.<\/p>\n<h2 style=\"font-variant-ligatures: normal; font-variant-caps: normal; font-family: Tahoma, Geneva, sans-serif; font-style: normal;\">SSL-Verschl\u00fcsselung<\/h2>\n<p style=\"font-variant-ligatures: normal; font-variant-caps: normal; font-family: Tahoma, sans-serif; font-size: 14px; font-style: normal; font-weight: 400;\">Unsere Webseite bedient sich einer SSL-Verschl\u00fcsselung, wenn es um die \u00dcbermittlung vertraulicher oder pers\u00f6nlicher Inhalte unserer Nutzer geht. Diese Verschl\u00fcsslung wird zum Beispiel bei der Abwicklung des Zahlungsverkehrs sowie bei Anfragen aktiviert, die Sie an uns \u00fcber unsere Webseite stellen. Achten Sie bitte darauf, dass die SSL-Verschl\u00fcsselung bei entsprechenden Aktivit\u00e4ten von Ihrer Seite her aktiviert ist. Der Einsatz der Verschl\u00fcsselung ist leicht zu erkennen: Die Anzeige in Ihrer Browserzeile wechselt von \u201ehttp:\/\/\u201c zu \u201ehttps:\/\/\u201c. \u00dcber SSL verschl\u00fcsselte Daten sind nicht von Dritten lesbar. \u00dcbermitteln Sie Ihre vertraulichen Informationen nur bei aktivierter SSL-Verschl\u00fcsselung und wenden Sie sich im Zweifel an uns.<\/p>\n<h2 style=\"font-variant-ligatures: normal; font-variant-caps: normal; font-family: Tahoma, Geneva, sans-serif; font-style: normal;\">Widerspruch Werbe-E-Mails<\/h2>\n<p style=\"font-variant-ligatures: normal; font-variant-caps: normal; font-family: Tahoma, sans-serif; font-size: 14px; font-style: normal; font-weight: 400;\">Im Rahmen der gesetzlichen Impressumspflicht m\u00fcssen wir unsere Kontaktdaten ver\u00f6ffentlichen. Diese werden von dritten Personen teilweise zur \u00dcbersendung nicht erw\u00fcnschter Werbung und Informationen genutzt. Wir widersprechen hiermit jeglicher von uns nicht ausdr\u00fccklich autorisierten \u00dcbersendung von Werbematerial aller Art. Wir behalten uns ferner ausdr\u00fccklich rechtliche Schritte gegen die unerw\u00fcnschte und unverlangte Zusendung von Werbematerial vor. Dies gilt insbesondere f\u00fcr sogenannte Spam-E-Mails, Spam-Briefe und Spam-Faxe. Wir weisen darauf hin, dass die unautorisierte \u00dcbermittlung von Werbematerial sowohl wettbewerbsrechtliche, zivilrechtliche und strafrechtliche Tatbest\u00e4nde ber\u00fchren kann. Speziell Spam-E-Mails und Spam-Faxe k\u00f6nnen zu hohen Schadensersatzforderungen f\u00fchren, wenn sie den Gesch\u00e4ftsbetrieb durch \u00dcberf\u00fcllung von Postf\u00e4chern oder Faxger\u00e4ten st\u00f6ren.&nbsp;<\/p>\n<p style=\"font-variant-ligatures: normal; font-variant-caps: normal; font-family: Tahoma, sans-serif; font-size: 14px; font-style: normal; font-weight: 400;\">\n<\/p>\t\t\t\t\t\t\t\t<\/div>\n\t\t\t\t<\/div>\n\t\t\t\t\t<\/div>\n\t\t<\/div>\n\t\t\t\t\t<\/div>\n\t\t<\/section>\n\t\t<div class=\"elementor-element elementor-element-da3e946 e-flex e-con-boxed e-con e-parent\" data-id=\"da3e946\" data-element_type=\"container\" data-e-type=\"container\">\n\t\t\t\t\t<div class=\"e-con-inner\">\n\t\t\t\t<div class=\"elementor-element elementor-element-d0a4fee elementor-widget elementor-widget-image\" data-id=\"d0a4fee\" data-element_type=\"widget\" data-e-type=\"widget\" data-widget_type=\"image.default\">\n\t\t\t\t<div class=\"elementor-widget-container\">\n\t\t\t\t\t\t\t\t\t\t\t\t\t\t\t<img decoding=\"async\" width=\"200\" height=\"55\" src=\"https:\/\/optimalautolease.de\/wp-content\/uploads\/2023\/08\/Logo-200x55-1.png\" class=\"attachment-large size-large wp-image-701\" alt=\"\" srcset=\"https:\/\/optimalautolease.de\/wp-content\/uploads\/2023\/08\/Logo-200x55-1.png 200w, https:\/\/optimalautolease.de\/wp-content\/uploads\/2023\/08\/Logo-200x55-1-18x5.png 18w\" sizes=\"(max-width: 200px) 100vw, 200px\" \/>\t\t\t\t\t\t\t\t\t\t\t\t\t\t\t<\/div>\n\t\t\t\t<\/div>\n\t\t\t\t\t<\/div>\n\t\t\t\t<\/div>\n\t\t\t\t<\/div>","protected":false},"excerpt":{"rendered":"<p>Die Kontaktdaten des Unternehmens:&nbsp; &nbsp; &nbsp; &nbsp; &nbsp; &nbsp; &nbsp; &nbsp; &nbsp; &nbsp; &nbsp;&nbsp; OAL Optimal Auto Lease GmbH,&nbsp;Gesch\u00e4ftsf\u00fchrer: B. Savci, M. Scharfenberg,&nbsp;Subbelrather Str. 15 a, 50823 K\u00f6ln,&nbsp;Tel.: +49 221 29 21 39 00,&nbsp;Fax: +49 221 29 21 39 99 E-Mail: post@optimalautolease.de Datenschutzerkl\u00e4rung Sie erhalten als Nutzer unserer Internetseite in dieser Datenschutzerkl\u00e4rung alle notwendigen Informationen [&hellip;]<\/p>","protected":false},"author":1,"featured_media":0,"parent":0,"menu_order":0,"comment_status":"closed","ping_status":"open","template":"","meta":{"ocean_post_layout":"full-screen","ocean_both_sidebars_style":"","ocean_both_sidebars_content_width":0,"ocean_both_sidebars_sidebars_width":0,"ocean_sidebar":"0","ocean_second_sidebar":"0","ocean_disable_margins":"enable","ocean_add_body_class":"","ocean_shortcode_before_top_bar":"","ocean_shortcode_after_top_bar":"","ocean_shortcode_before_header":"","ocean_shortcode_after_header":"","ocean_has_shortcode":"","ocean_shortcode_after_title":"","ocean_shortcode_before_footer_widgets":"","ocean_shortcode_after_footer_widgets":"","ocean_shortcode_before_footer_bottom":"","ocean_shortcode_after_footer_bottom":"","ocean_display_top_bar":"off","ocean_display_header":"off","ocean_header_style":"","ocean_center_header_left_menu":"0","ocean_custom_header_template":"0","ocean_custom_logo":0,"ocean_custom_retina_logo":0,"ocean_custom_logo_max_width":0,"ocean_custom_logo_tablet_max_width":0,"ocean_custom_logo_mobile_max_width":0,"ocean_custom_logo_max_height":0,"ocean_custom_logo_tablet_max_height":0,"ocean_custom_logo_mobile_max_height":0,"ocean_header_custom_menu":"0","ocean_menu_typo_font_family":"0","ocean_menu_typo_font_subset":"","ocean_menu_typo_font_size":0,"ocean_menu_typo_font_size_tablet":0,"ocean_menu_typo_font_size_mobile":0,"ocean_menu_typo_font_size_unit":"px","ocean_menu_typo_font_weight":"","ocean_menu_typo_font_weight_tablet":"","ocean_menu_typo_font_weight_mobile":"","ocean_menu_typo_transform":"","ocean_menu_typo_transform_tablet":"","ocean_menu_typo_transform_mobile":"","ocean_menu_typo_line_height":0,"ocean_menu_typo_line_height_tablet":0,"ocean_menu_typo_line_height_mobile":0,"ocean_menu_typo_line_height_unit":"","ocean_menu_typo_spacing":0,"ocean_menu_typo_spacing_tablet":0,"ocean_menu_typo_spacing_mobile":0,"ocean_menu_typo_spacing_unit":"","ocean_menu_link_color":"","ocean_menu_link_color_hover":"","ocean_menu_link_color_active":"","ocean_menu_link_background":"","ocean_menu_link_hover_background":"","ocean_menu_link_active_background":"","ocean_menu_social_links_bg":"","ocean_menu_social_hover_links_bg":"","ocean_menu_social_links_color":"","ocean_menu_social_hover_links_color":"","ocean_disable_title":"on","ocean_disable_heading":"default","ocean_post_title":"","ocean_post_subheading":"","ocean_post_title_style":"","ocean_post_title_background_color":"","ocean_post_title_background":0,"ocean_post_title_bg_image_position":"","ocean_post_title_bg_image_attachment":"","ocean_post_title_bg_image_repeat":"","ocean_post_title_bg_image_size":"","ocean_post_title_height":0,"ocean_post_title_bg_overlay":0.5,"ocean_post_title_bg_overlay_color":"","ocean_disable_breadcrumbs":"default","ocean_breadcrumbs_color":"","ocean_breadcrumbs_separator_color":"","ocean_breadcrumbs_links_color":"","ocean_breadcrumbs_links_hover_color":"","ocean_display_footer_widgets":"off","ocean_display_footer_bottom":"off","ocean_custom_footer_template":"0","footnotes":""},"class_list":["post-3","page","type-page","status-publish","hentry","entry"],"_links":{"self":[{"href":"https:\/\/optimalautolease.de\/en\/wp-json\/wp\/v2\/pages\/3","targetHints":{"allow":["GET"]}}],"collection":[{"href":"https:\/\/optimalautolease.de\/en\/wp-json\/wp\/v2\/pages"}],"about":[{"href":"https:\/\/optimalautolease.de\/en\/wp-json\/wp\/v2\/types\/page"}],"author":[{"embeddable":true,"href":"https:\/\/optimalautolease.de\/en\/wp-json\/wp\/v2\/users\/1"}],"replies":[{"embeddable":true,"href":"https:\/\/optimalautolease.de\/en\/wp-json\/wp\/v2\/comments?post=3"}],"version-history":[{"count":29,"href":"https:\/\/optimalautolease.de\/en\/wp-json\/wp\/v2\/pages\/3\/revisions"}],"predecessor-version":[{"id":794,"href":"https:\/\/optimalautolease.de\/en\/wp-json\/wp\/v2\/pages\/3\/revisions\/794"}],"wp:attachment":[{"href":"https:\/\/optimalautolease.de\/en\/wp-json\/wp\/v2\/media?parent=3"}],"curies":[{"name":"wp","href":"https:\/\/api.w.org\/{rel}","templated":true}]}}